{"id":8717,"date":"2025-02-05T18:58:48","date_gmt":"2025-02-05T18:58:48","guid":{"rendered":"https:\/\/www.viconvino.com\/?page_id=8717"},"modified":"2025-02-05T18:59:39","modified_gmt":"2025-02-05T18:59:39","slug":"politica-de-privacitat","status":"publish","type":"page","link":"https:\/\/www.viconvino.com\/ca\/politica-de-privacitat\/","title":{"rendered":"Pol\u00edtica de Privacitat"},"content":{"rendered":"<h1>POL\u00cdTICA DE PRIVACITAT<\/h1>\n<p>&nbsp;<\/p>\n<h2><strong>1. INFORMACI\u00d3 PER A L\u2019USUARI<\/strong><br \/>\n<strong>\u00a0<\/strong><\/h2>\n<p><strong>Qui \u00e9s el responsable del tractament de les seves dades personals?<\/strong><\/p>\n<p><strong>VANESA SEGOVIA CHAMIZO <\/strong>\u00e9s el RESPONSABLE del tractament de les dades personals de l\u2019USUARI i l\u2019informa que aquestes dades es tractaran de conformitat amb el que disposa el Reglament (UE) 2016\/679, de 27 d\u2019abril (RGPD), i la Llei Org\u00e0nica 3\/2018, de 5 de desembre (LOPDGDD).<\/p>\n<p>&nbsp;<\/p>\n<p><strong>Per qu\u00e8 tractem les seves dades personals?<\/strong><\/p>\n<p>Per mantenir una relaci\u00f3 comercial amb l\u2019USUARI. Les operacions previstes per fer el tractament s\u00f3n:<\/p>\n<ul>\n<li>Enviament de comunicacions comercials publicit\u00e0ries per e-mail, fax, SMS, MMS, xarxes socials o qualsevol altre mitj\u00e0 electr\u00f2nic o f\u00edsic, present o futur, que permeti efectuar comunicacions comercials. Aquestes comunicacions s\u2019han de fer per mitj\u00e0 del RESPONSABLE i estan relacionades amb els seus productes i serveis, o amb els seus col\u00b7laboradors o prove\u00efdors, amb els quals hagi arribat a algun acord de promoci\u00f3. En aquest cas, els tercers no tindran mai acc\u00e9s a les dades personals.<\/li>\n<li>Efectuar estudis de mercat i an\u00e0lisis estad\u00edstiques. \u00a0Gesti\u00f3 dels productes i serveis contractats.<\/li>\n<li>Tramitar enc\u00e0rrecs, peticions, donar resposta a les consultes o qualsevol mena de petici\u00f3 que faci l\u2019USUARI a trav\u00e9s de qualsevol de les formes de contacte que es posen a la seva disposici\u00f3 a la p\u00e0gina web del RESPONSABLE.<\/li>\n<li>Enviar el butllet\u00ed informatiu online sobre novetats, ofertes i promocions del RESPONSABLE<strong>.<\/strong><\/li>\n<\/ul>\n<p><strong>\u00a0<\/strong><strong>\u00a0<\/strong><\/p>\n<p><strong>Per quin motiu podem tractar les seves dades personals?<\/strong><\/p>\n<p>Perqu\u00e8 el tractament est\u00e0 legitimat per l\u2019article 6 del RGPD de la seg\u00fcent manera:<\/p>\n<ul>\n<li>Amb el consentiment de l\u2019USUARI: enviament de comunicacions comercials i del butllet\u00ed informatiu.<\/li>\n<li>Per inter\u00e8s leg\u00edtim del RESPONSABLE: realitzar estudis de mercat, an\u00e0lisis estad\u00edstiques i tramitar enc\u00e0rrecs, sol\u00b7licituds, etc. a petici\u00f3 de l\u2019USUARI, aix\u00ed com les actuacions de m\u00e0rqueting, relatives a b\u00e9ns i serveis propis del RESPONSABLE i serveis an\u00e0legs quan l\u2019USUARI li hagi adquirit b\u00e9ns o serveis.<\/li>\n<li>Per ser necessari per a l\u2019execuci\u00f3 d\u2019un contracte: la gesti\u00f3 dels productes i serveis contractats.<\/li>\n<\/ul>\n<p>&nbsp;<\/p>\n<p><strong>Durant quant de temps guardarem les seves dades personals?<\/strong><\/p>\n<p>Es conservaran durant no m\u00e9s temps del necessari per mantenir la finalitat del tractament o mentre hi hagi prescripcions legals que en dictaminin la cust\u00f2dia i quan ja no sigui necessari per a aix\u00f2, se suprimiran amb mesures de seguretat adequades per garantir l\u2019anonimitzaci\u00f3 de les dades o la seva destrucci\u00f3 total.<\/p>\n<p>&nbsp;<\/p>\n<p><strong>A qui facilitem les seves dades personals?<\/strong><\/p>\n<p>No est\u00e0 prevista cap comunicaci\u00f3 de dades personals a tercers excepte: obligaci\u00f3 legal, si fos necessari per al desenvolupament i execuci\u00f3 de les finalitats del tractament, als nostres prove\u00efdors de serveis relacionats amb comunicacions, amb els quals el RESPONSABLE ha formalitzat els contractes de confidencialitat i d\u2019encarregat de tractament exigits per la normativa vigent de privacitat .<\/p>\n<p>&nbsp;<\/p>\n<p><strong>Quins s\u00f3n els seus drets?<\/strong><\/p>\n<p><strong>\u00a0<\/strong>Els drets que t\u00e9 l\u2019USUARI s\u00f3n:<\/p>\n<ul>\n<li>Dret a retirar el consentiment en qualsevol moment.<\/li>\n<li>Dret d\u2019acc\u00e9s, rectificaci\u00f3, portabilitat i supressi\u00f3 de les seves dades i de limitaci\u00f3 o oposici\u00f3 al seu tractament.<\/li>\n<li>Dret a presentar una reclamaci\u00f3 davant l\u2019autoritat de control <a href=\"http:\/\/www.aepd.es\/\" target=\"_blank\" rel=\"noopener\">(www.aepd.es)<\/a> si considera que el tractament no s\u2019ajusta a la normativa vigent.<\/li>\n<\/ul>\n<p>&nbsp;<\/p>\n<p><strong>Dades de contacte per exercir els seus drets<\/strong>:<\/p>\n<p>Vanesa Segovia Chamizo, amb domicili al Carrer Viladomat 137 4t 1a 08015 de Barcelona. E-mail: info@viconvino.com<\/p>\n<p>&nbsp;<\/p>\n<p>&nbsp;<\/p>\n<h2><strong>2.\u00a0 CAR\u00c0CTER OBLIGATORI O FACULTATIU DE LA INFORMACI\u00d3 FACILITADA PER L\u2019USUARI<\/strong><\/h2>\n<p>L\u2019USUARI, mitjan\u00e7ant la marcaci\u00f3 de les caselles corresponents i l\u2019entrada de dades en els camps, accepta expressament i de forma lliure i inequ\u00edvoca, que les seves dades s\u00f3n necess\u00e0ries per atendre la seva petici\u00f3. El RESPONSABLE indicar\u00e0 quines dades s\u00f3n necess\u00e0ries per a la prestaci\u00f3 d\u2019un servei \u00f2ptim a l\u2019USUARI. En cas que no es facilitin aquestes dades, no es garanteix que la informaci\u00f3 i serveis facilitats siguin completament ajustats a les seves necessitats.<\/p>\n<p>L\u2019USUARI garanteix que les dades personals facilitades al RESPONSABLE s\u00f3n veraces i es fa responsable de comunicar qualsevol modificaci\u00f3 d&#8217;aquestes.<\/p>\n<p>&nbsp;<\/p>\n<h2><strong>3.\u00a0 MESURES DE SEGURETAT<\/strong><\/h2>\n<p>Que, de conformitat amb el que estableixen les normatives vigents en protecci\u00f3 de dades personals, el RESPONSABLE est\u00e0 complint amb totes les disposicions de les normatives RGPD i LOPDGDD per al tractament de les dades personals de la seva responsabilitat, i manifestament amb els principis descrits a l\u2019article 5 del RGPD, pels quals es tracten de manera l\u00edcita, lleial i transparent en relaci\u00f3 amb l\u2019interessat i adequades, pertinents i limitades al que \u00e9s necessari en relaci\u00f3 amb les finalitats per a les quals es tracten.<\/p>\n<p>El RESPONSABLE garanteix que ha implementat pol\u00edtiques t\u00e8cniques i organitzatives apropiades per aplicar les mesures de seguretat que estableixen el RGPD i la LOPDGDD per tal de protegir els drets i llibertats dels USUARIS i els ha comunicat la informaci\u00f3 adequada perqu\u00e8 puguin exercir-los.<\/p>\n<p>Per a m\u00e9s informaci\u00f3 sobre les garanties de privacitat, pots dirigir-te al RESPONSABLE a trav\u00e9s de Vanesa Segovia Chamizo, amb domicili al Carrer Viladomat 137 4t 1a 08015 de Barcelona. E-mail: info@viconvino.com<\/p>\n","protected":false},"excerpt":{"rendered":"<p>POL\u00cdTICA DE PRIVACITAT &nbsp; 1. INFORMACI\u00d3 PER A L\u2019USUARI \u00a0 Qui \u00e9s el responsable del tractament de les seves dades personals? VANESA SEGOVIA CHAMIZO \u00e9s el RESPONSABLE del tractament de les dades personals de l\u2019USUARI i l\u2019informa que aquestes dades es tractaran de conformitat amb el que disposa el Reglament (UE) 2016\/679, de 27 d\u2019abril [&hellip;]<\/p>\n","protected":false},"author":1,"featured_media":0,"parent":0,"menu_order":0,"comment_status":"closed","ping_status":"closed","template":"","meta":{"footnotes":""},"class_list":["post-8717","page","type-page","status-publish","hentry"],"yoast_head":"<!-- This site is optimized with the Yoast SEO plugin v27.0 - https:\/\/yoast.com\/product\/yoast-seo-wordpress\/ -->\n<title>Pol\u00edtica de Privacitat - viconvino.com<\/title>\n<meta name=\"description\" content=\"Bienvenido a nuestro universo del vino. El lugar en el que encontrar\u00e1s el regalo perfecto relacionado con el mundo del vino.\" \/>\n<meta name=\"robots\" content=\"index, follow, max-snippet:-1, max-image-preview:large, max-video-preview:-1\" \/>\n<link rel=\"canonical\" href=\"https:\/\/www.viconvino.com\/ca\/politica-de-privacitat\/\" \/>\n<meta property=\"og:locale\" content=\"ca_ES\" \/>\n<meta property=\"og:type\" content=\"article\" \/>\n<meta property=\"og:title\" content=\"Pol\u00edtica de Privacitat - viconvino.com\" \/>\n<meta property=\"og:description\" content=\"Bienvenido a nuestro universo del vino. El lugar en el que encontrar\u00e1s el regalo perfecto relacionado con el mundo del vino.\" \/>\n<meta property=\"og:url\" content=\"https:\/\/www.viconvino.com\/ca\/politica-de-privacitat\/\" \/>\n<meta property=\"og:site_name\" content=\"viconvino.com\" \/>\n<meta property=\"article:publisher\" content=\"https:\/\/www.facebook.com\/viconvino\" \/>\n<meta property=\"article:modified_time\" content=\"2025-02-05T18:59:39+00:00\" \/>\n<meta property=\"og:image\" content=\"https:\/\/www.viconvino.com\/wp-content\/uploads\/2021\/06\/viconvino-tienda-de-vinos-40.jpg\" \/>\n\t<meta property=\"og:image:width\" content=\"1500\" \/>\n\t<meta property=\"og:image:height\" content=\"1000\" \/>\n\t<meta property=\"og:image:type\" content=\"image\/jpeg\" \/>\n<meta name=\"twitter:card\" content=\"summary_large_image\" \/>\n<meta name=\"twitter:label1\" content=\"Temps estimat de lectura\" \/>\n\t<meta name=\"twitter:data1\" content=\"4 minuts\" \/>\n<!-- \/ Yoast SEO plugin. -->","yoast_head_json":{"title":"Pol\u00edtica de Privacitat - viconvino.com","description":"Bienvenido a nuestro universo del vino. El lugar en el que encontrar\u00e1s el regalo perfecto relacionado con el mundo del vino.","robots":{"index":"index","follow":"follow","max-snippet":"max-snippet:-1","max-image-preview":"max-image-preview:large","max-video-preview":"max-video-preview:-1"},"canonical":"https:\/\/www.viconvino.com\/ca\/politica-de-privacitat\/","og_locale":"ca_ES","og_type":"article","og_title":"Pol\u00edtica de Privacitat - viconvino.com","og_description":"Bienvenido a nuestro universo del vino. El lugar en el que encontrar\u00e1s el regalo perfecto relacionado con el mundo del vino.","og_url":"https:\/\/www.viconvino.com\/ca\/politica-de-privacitat\/","og_site_name":"viconvino.com","article_publisher":"https:\/\/www.facebook.com\/viconvino","article_modified_time":"2025-02-05T18:59:39+00:00","og_image":[{"width":1500,"height":1000,"url":"https:\/\/www.viconvino.com\/wp-content\/uploads\/2021\/06\/viconvino-tienda-de-vinos-40.jpg","type":"image\/jpeg"}],"twitter_card":"summary_large_image","twitter_misc":{"Temps estimat de lectura":"4 minuts"},"schema":{"@context":"https:\/\/schema.org","@graph":[{"@type":"WebPage","@id":"https:\/\/www.viconvino.com\/ca\/politica-de-privacitat\/","url":"https:\/\/www.viconvino.com\/ca\/politica-de-privacitat\/","name":"Pol\u00edtica de Privacitat - viconvino.com","isPartOf":{"@id":"https:\/\/www.viconvino.com\/ca\/#website"},"datePublished":"2025-02-05T18:58:48+00:00","dateModified":"2025-02-05T18:59:39+00:00","description":"Bienvenido a nuestro universo del vino. El lugar en el que encontrar\u00e1s el regalo perfecto relacionado con el mundo del vino.","breadcrumb":{"@id":"https:\/\/www.viconvino.com\/ca\/politica-de-privacitat\/#breadcrumb"},"inLanguage":"ca","potentialAction":[{"@type":"ReadAction","target":["https:\/\/www.viconvino.com\/ca\/politica-de-privacitat\/"]}]},{"@type":"BreadcrumbList","@id":"https:\/\/www.viconvino.com\/ca\/politica-de-privacitat\/#breadcrumb","itemListElement":[{"@type":"ListItem","position":1,"name":"Portada","item":"https:\/\/www.viconvino.com\/ca\/"},{"@type":"ListItem","position":2,"name":"Pol\u00edtica de Privacitat"}]},{"@type":"WebSite","@id":"https:\/\/www.viconvino.com\/ca\/#website","url":"https:\/\/www.viconvino.com\/ca\/","name":"viconvino.com","description":"Bienvenidos a nuestro universo del vino. El lugar en el que encontrar\u00e1s el regalo perfecto relacionado con el mundo del vino.","publisher":{"@id":"https:\/\/www.viconvino.com\/ca\/#organization"},"potentialAction":[{"@type":"SearchAction","target":{"@type":"EntryPoint","urlTemplate":"https:\/\/www.viconvino.com\/ca\/?s={search_term_string}"},"query-input":{"@type":"PropertyValueSpecification","valueRequired":true,"valueName":"search_term_string"}}],"inLanguage":"ca"},{"@type":"Organization","@id":"https:\/\/www.viconvino.com\/ca\/#organization","name":"Viconvino","url":"https:\/\/www.viconvino.com\/ca\/","logo":{"@type":"ImageObject","inLanguage":"ca","@id":"https:\/\/www.viconvino.com\/ca\/#\/schema\/logo\/image\/","url":"https:\/\/www.viconvino.com\/wp-content\/uploads\/2021\/05\/viconvino_mail.png","contentUrl":"https:\/\/www.viconvino.com\/wp-content\/uploads\/2021\/05\/viconvino_mail.png","width":424,"height":258,"caption":"Viconvino"},"image":{"@id":"https:\/\/www.viconvino.com\/ca\/#\/schema\/logo\/image\/"},"sameAs":["https:\/\/www.facebook.com\/viconvino","https:\/\/www.instagram.com\/viconvino\/"]}]}},"_links":{"self":[{"href":"https:\/\/www.viconvino.com\/ca\/wp-json\/wp\/v2\/pages\/8717","targetHints":{"allow":["GET"]}}],"collection":[{"href":"https:\/\/www.viconvino.com\/ca\/wp-json\/wp\/v2\/pages"}],"about":[{"href":"https:\/\/www.viconvino.com\/ca\/wp-json\/wp\/v2\/types\/page"}],"author":[{"embeddable":true,"href":"https:\/\/www.viconvino.com\/ca\/wp-json\/wp\/v2\/users\/1"}],"replies":[{"embeddable":true,"href":"https:\/\/www.viconvino.com\/ca\/wp-json\/wp\/v2\/comments?post=8717"}],"version-history":[{"count":2,"href":"https:\/\/www.viconvino.com\/ca\/wp-json\/wp\/v2\/pages\/8717\/revisions"}],"predecessor-version":[{"id":8719,"href":"https:\/\/www.viconvino.com\/ca\/wp-json\/wp\/v2\/pages\/8717\/revisions\/8719"}],"wp:attachment":[{"href":"https:\/\/www.viconvino.com\/ca\/wp-json\/wp\/v2\/media?parent=8717"}],"curies":[{"name":"wp","href":"https:\/\/api.w.org\/{rel}","templated":true}]}}